{"id":454,"date":"2023-07-28T14:05:21","date_gmt":"2023-07-28T12:05:21","guid":{"rendered":"https:\/\/stiftung-ettersberg.de\/en\/gedenkstaette-andreasstrasse\/ihr-besuch\/barrierefreier-besuch\/"},"modified":"2025-12-16T10:56:17","modified_gmt":"2025-12-16T09:56:17","slug":"accesible-visit","status":"publish","type":"page","link":"https:\/\/stiftung-ettersberg.de\/en\/gedenkstaette-andreasstrasse\/your-visit\/accesible-visit\/","title":{"rendered":"Accessible Visit"},"content":{"rendered":"\n<p>The Andreasstrasse Memorial and Educational Centre is a place of learning and encounter. A place where all people are welcome. Accessibility and inclusion are thus very important to us. Our goal: Everyone should be able to experience and discover the Memorial and our exhibitions in a self-determined way, as well as participate in all our events.<\/p>\n\n\n\n<p>Below you will find information to help plan your visit to us.<\/p>\n\n\n\n<p>If you have any questions or if any information is missing, please let us know. We are also happy to advise you and prepare your visit together with you.<\/p>\n\n\n\n<div style=\"height:30px\" aria-hidden=\"true\" class=\"wp-block-spacer\"><\/div>\n\n\n\n<h3 class=\"wp-block-heading\">Interested in a visit?<\/h3>\n\n\n\n<p><strong>Please contact:<\/strong><br>Laura Fiedler<br><a href=\"mailto:service@stiftung-ettersberg.de\">service@stiftung-ettersberg.de<\/a><br>T +49 (0)361 219212 &#8211; 10<br>M +49 (0)176 52691979<\/p>\n\n\n\n<div style=\"height:40px\" aria-hidden=\"true\" class=\"wp-block-spacer\"><\/div>\n\n\n\n<div class=\"custom-css-block\"><style>.aagb_accordion_456bdab5_0 {   }<\/style><\/div><style>\n        .aagb_accordion_456bdab5_0 .aagb__accordion_active .aagb__accordion_body {\n            border-top: 1px solid #ebebeb;\n        }\n        .aagb_accordion_456bdab5_0 .aagb__accordion_container.wp-block-aab-accordion-item .aagb__accordion_head {\n          background-color: #bcb6b638;\n          \n          border-top: none; border-right: none; border-bottom: none; border-left: none;\n          \n        }\n        .aagb_accordion_456bdab5_0 .aagb__accordion_container.wp-block-aab-accordion-item .aagb__accordion_body {\n          \n          \n          \n          border-top: 1px solid #bcb6b638; border-right: none; border-bottom: none; border-left: none;\n          \n        }\n        \n        .aagb_accordion_456bdab5_0 .wp-block-aab-accordion-item .aagb__accordion_subheading {\n          margin: 5px 0 0 0;\n          \n        }\n        .aagb_accordion_456bdab5_0 .wp-block-aab-accordion-item .aagb__accordion_icon {\n          \n          \n        }\n        .aagb_accordion_456bdab5_0 .wp-block-aab-accordion-item .aagb__icon {\n          font-size: 23px;\n        }\n        .aagb_accordion_456bdab5_0 .aagb__accordion_title {\n          margin: 0;\n          \n        }\n        .aagb_accordion_456bdab5_0 .aagb__accordion_container {\n          border: 1px solid #bcb6b638;\n          margin-top: 0px;\n          margin-bottom: 15px;\n          \n        }\n          .aagb_accordion_456bdab5_0 .aagb__accordion_number{\n            \n        }\n        .aagb_accordion_456bdab5_0 .wp-block-aab-accordion-item .aagb__accordion_subheading{\n           false\n        }\n\n        .aagb_accordion_456bdab5_0 .aab-step-progress{\n          background-color: #dfd2d2;\n        }\n            \n        .aagb_accordion_456bdab5_0 .aab-step-progress-bar {\n          background-color: #1570ec;\n        }\n\n        .aagb_accordion_456bdab5_0 .aagb__accordion_number{\n          \n        }\n        .aagb_accordion_456bdab5_0 .aab-progress-bar-container{\n          background-color: #f0f0f0;\n        }\n        .aagb_accordion_456bdab5_0 .aab-progress-bar {\n            background-color: #0866ff;\n        }\n        \n       .aagb__group_accordion_container.has_img {\n            \n            flex-direction: row;\n        }\n      \n          .aagb_accordion_456bdab5_0 .aagb__accordion_container {\n            transition-duration: 0ms !important;\n            outline: 2px solid #00000000;\n          }\n          .aagb_accordion_456bdab5_0 .aagb__accordion_container:focus-visible {\n            outline: 2px solid #C2DBFE;\n          }\n        <\/style><div class=\"wp-block-aab-group-accordion searchable aagb_accordion_456bdab5_0 click false\" id=\"group-accordion-456bdab5_0\">\n<div class=\"wp-block-aab-accordion-item aagb__accordion_container panel\" data-autoplay=\"false\" data-duration=\"3000\" data-progress-bar-direction=\"horizontal\" data-feature-image-url=\"\" data-auto-numbering=\"false\" data-progress-bar-on=\"false\"><div class=\"aagb__accordion_head aab_right_icon  \" data-active=\"false\"><div class=\"aagb__accordion_heading aab_right_icon aagb_right_link\"><div class=\"head_content_wrapper\"><div class=\"title_wrapper\"><h5 class=\"aagb__accordion_title\">Guided tour \u203atactile Andreasstrasse\u2039<\/h5><\/div><\/div><\/div><div class=\"aagb__accordion_icon\"><div class=\"aagb__icon_dashicons_box\"><span class=\"aagb__icon dashicons dashicons-plus-alt2\"><\/span><\/div><\/div><\/div><div class=\"aagb__accordion_body   \" role=\"region\"><div class=\"aagb__accordion_component \">\n<p>What did it smell like in a GDR prison that housed political prisoners? What does an old cell door feel like? And what does a soundproofed detention cell sound like?<br>Answers to these questions can be found in our tactile tour. It is aimed at people with visual impairments and blind people who would like to learn more about the history of the Stasi detention centre.<\/p>\n\n\n\n<p>We developed this tour together with members of the &#8220;Blinden- und Sehbehindertenverbands Th\u00fcringen e.V.&#8221; (Thuringian Association for the Blind and Visually Impaired) and the &#8220;Diesterwegschule Weimar \u2013 Staatliches \u00fcberregionales F\u00f6rderzentrum, F\u00f6rderschwerpunkt Sehen&#8221; (Diesterweg School Weimar \u2013 State Regional Support Centre, Focus on Vision). In addition to the tactile items, detailed object descriptions and audio recordings of eyewitness statements are also used during the tour.<\/p>\n\n\n\n<div style=\"height:20px\" aria-hidden=\"true\" class=\"wp-block-spacer\"><\/div>\n\n\n\n<figure class=\"wp-block-table\"><table class=\"has-fixed-layout\"><tbody><tr><td><strong>Duration<\/strong><br>90 minutes<\/td><\/tr><tr><td><strong>Free of charge<\/strong><\/td><\/tr><\/tbody><\/table><\/figure>\n\n\n\n<p><strong>Please note:<\/strong> Admission is already included in the package for guided tours. Guided tours are available for groups of maximum 10 people. Depending on the format, we can organize larger groups by offering staggered start times. Please request the desired programming in advance via our registration form.<\/p>\n\n\n\n<div class=\"wp-block-buttons is-layout-flex wp-block-buttons-is-layout-flex\">\n<div class=\"wp-block-button\"><a class=\"wp-block-button__link wp-element-button\" href=\"https:\/\/stiftung-ettersberg.de\/en\/gedenkstaette-andreasstrasse\/your-visit\/for-groups\/registration-for-groups\/\">To register<\/a><\/div>\n<\/div>\n\n\n\n<div style=\"height:70px\" aria-hidden=\"true\" class=\"wp-block-spacer\"><\/div>\n\n\n\n<h3 class=\"wp-block-heading\">Interested in a guided tour \u203atactile Andreasstrasse\u2039 ?<\/h3>\n\n\n\n<p><strong>Please contact:<\/strong><br>Laura Fiedler<br><a href=\"mailto:service@stiftung-ettersberg.de\">service@stiftung-ettersberg.de<\/a><br>T +49 (0)361 219212 \u2013 10<br>M +49 (0)176 52691979<\/p>\n\n\n\n<div style=\"height:70px\" aria-hidden=\"true\" class=\"wp-block-spacer\"><\/div>\n\n\n\n<figure class=\"wp-block-gallery has-nested-images columns-default is-cropped wp-block-gallery-1 is-layout-flex wp-block-gallery-is-layout-flex\">\n<figure class=\"wp-block-image size-large\"><img loading=\"lazy\" decoding=\"async\" width=\"1024\" height=\"501\" data-id=\"3716\" src=\"https:\/\/stiftung-ettersberg.de\/en\/wp-content\/uploads\/sites\/2\/2023\/10\/IMG_9451-scaled-e1700662297806-1024x501.jpg\" alt=\"A table with a model of the building of the Memorial and Educational Centre. Drawings and texts on the table are also visible.\" class=\"wp-image-3716\" srcset=\"https:\/\/stiftung-ettersberg.de\/en\/wp-content\/uploads\/sites\/2\/2023\/10\/IMG_9451-scaled-e1700662297806-1024x501.jpg 1024w, https:\/\/stiftung-ettersberg.de\/en\/wp-content\/uploads\/sites\/2\/2023\/10\/IMG_9451-scaled-e1700662297806-300x147.jpg 300w, https:\/\/stiftung-ettersberg.de\/en\/wp-content\/uploads\/sites\/2\/2023\/10\/IMG_9451-scaled-e1700662297806-768x376.jpg 768w, https:\/\/stiftung-ettersberg.de\/en\/wp-content\/uploads\/sites\/2\/2023\/10\/IMG_9451-scaled-e1700662297806-1536x752.jpg 1536w, https:\/\/stiftung-ettersberg.de\/en\/wp-content\/uploads\/sites\/2\/2023\/10\/IMG_9451-scaled-e1700662297806-2048x1003.jpg 2048w\" sizes=\"auto, (max-width: 1024px) 100vw, 1024px\" \/><\/figure>\n<\/figure>\n<\/div><\/div><\/div>\n\n\n\n<div class=\"wp-block-aab-accordion-item aagb__accordion_container panel\" data-autoplay=\"false\" data-duration=\"3000\" data-progress-bar-direction=\"horizontal\" data-feature-image-url=\"\" data-auto-numbering=\"false\" data-progress-bar-on=\"false\"><div class=\"aagb__accordion_head aab_right_icon  \" data-active=\"false\"><div class=\"aagb__accordion_heading aab_right_icon aagb_right_link\"><div class=\"head_content_wrapper\"><div class=\"title_wrapper\"><h5 class=\"aagb__accordion_title\">How to find us<\/h5><\/div><\/div><\/div><div class=\"aagb__accordion_icon\"><div class=\"aagb__icon_dashicons_box\"><span class=\"aagb__icon dashicons dashicons-plus-alt2\"><\/span><\/div><\/div><\/div><div class=\"aagb__accordion_body   \" role=\"region\"><div class=\"aagb__accordion_component \">\n<p>You can reach the Memorial by public transport. The tram stops &#8216;Domplatz Nord&#8217; and &#8216;Domplatz S\u00fcd&#8217; are both wheelchair accessible.<\/p>\n\n\n\n<p><strong>Stop: Domplatz Nord<\/strong><br>Bus line 90<br>Tram lines 3, 6 and 4<\/p>\n\n\n\n<p><strong>Stop: Domplatz S\u00fcd<\/strong><br>Tram line 2<\/p>\n\n\n\n<p>The Domplatz S\u00fcd stop is approximately 175 meters from the entrance to the Memorial. From the Domplatz Nord stop, it is around 125 metres to the entrance. You&#8217;ll need to cross traffic lights along the way. The road is cobblestoned in some sections. We are happy to meet you at the stop and accompany you to the Memorial.<\/p>\n\n\n\n<p>The Andreasstrasse Memorial and Educational Centre itself is mostly accessible. Should you have problems opening the front door, please ring the bell. We&#8217;ll happily open the door for you.<\/p>\n<\/div><\/div><\/div>\n\n\n\n<div class=\"wp-block-aab-accordion-item aagb__accordion_container panel\" data-autoplay=\"false\" data-duration=\"3000\" data-progress-bar-direction=\"horizontal\" data-feature-image-url=\"\" data-auto-numbering=\"false\" data-progress-bar-on=\"false\"><div class=\"aagb__accordion_head aab_right_icon  \" data-active=\"false\"><div class=\"aagb__accordion_heading aab_right_icon aagb_right_link\"><div class=\"head_content_wrapper\"><div class=\"title_wrapper\"><h5 class=\"aagb__accordion_title\">Parking space<\/h5><\/div><\/div><\/div><div class=\"aagb__accordion_icon\"><div class=\"aagb__icon_dashicons_box\"><span class=\"aagb__icon dashicons dashicons-plus-alt2\"><\/span><\/div><\/div><\/div><div class=\"aagb__accordion_body   \" role=\"region\"><div class=\"aagb__accordion_component \">\n<p>People with physical disabilities can use parking spot number 38, located behind the Memorial.<\/p>\n<\/div><\/div><\/div>\n\n\n\n<div class=\"wp-block-aab-accordion-item aagb__accordion_container panel\" data-autoplay=\"false\" data-duration=\"3000\" data-progress-bar-direction=\"horizontal\" data-feature-image-url=\"\" data-auto-numbering=\"false\" data-progress-bar-on=\"false\"><div class=\"aagb__accordion_head aab_right_icon  \" data-active=\"false\"><div class=\"aagb__accordion_heading aab_right_icon aagb_right_link\"><div class=\"head_content_wrapper\"><div class=\"title_wrapper\"><h5 class=\"aagb__accordion_title\">In the memorial<\/h5><\/div><\/div><\/div><div class=\"aagb__accordion_icon\"><div class=\"aagb__icon_dashicons_box\"><span class=\"aagb__icon dashicons dashicons-plus-alt2\"><\/span><\/div><\/div><\/div><div class=\"aagb__accordion_body   \" role=\"region\"><div class=\"aagb__accordion_component \">\n<p>All three floors of the Memorial are accessible via an elevator (cabin size: 90x140cm; maximum weight: 630kg). Most exhibition spaces are accessible by wheelchair. There is a stairlift in the outdoor area where the prisonyard of the former prison is located.<\/p>\n\n\n\n<p>Our event rooms on the ground floor and first floor are also accessible by elevator.<\/p>\n\n\n\n<p>The stairs in the Memorial are all equipped with handrails. The stairs are not equipped with visually contrasting or tactile markings. Only the first and last step of a staircase is visually marked.<\/p>\n<\/div><\/div><\/div>\n\n\n\n<div class=\"wp-block-aab-accordion-item aagb__accordion_container panel\" data-autoplay=\"false\" data-duration=\"3000\" data-progress-bar-direction=\"horizontal\" data-feature-image-url=\"\" data-auto-numbering=\"false\" data-progress-bar-on=\"false\"><div class=\"aagb__accordion_head aab_right_icon  \" data-active=\"false\"><div class=\"aagb__accordion_heading aab_right_icon aagb_right_link\"><div class=\"head_content_wrapper\"><div class=\"title_wrapper\"><h5 class=\"aagb__accordion_title\">Assistance dogs<\/h5><\/div><\/div><\/div><div class=\"aagb__accordion_icon\"><div class=\"aagb__icon_dashicons_box\"><span class=\"aagb__icon dashicons dashicons-plus-alt2\"><\/span><\/div><\/div><\/div><div class=\"aagb__accordion_body   \" role=\"region\"><div class=\"aagb__accordion_component \">\n<p>Assistance dogs are allowed in the Memorial and in the exhibition rooms.<\/p>\n<\/div><\/div><\/div>\n\n\n\n<div class=\"wp-block-aab-accordion-item aagb__accordion_container panel\" data-autoplay=\"false\" data-duration=\"3000\" data-progress-bar-direction=\"horizontal\" data-feature-image-url=\"\" data-auto-numbering=\"false\" data-progress-bar-on=\"false\"><div class=\"aagb__accordion_head aab_right_icon  \" data-active=\"false\"><div class=\"aagb__accordion_heading aab_right_icon aagb_right_link\"><div class=\"head_content_wrapper\"><div class=\"title_wrapper\"><h5 class=\"aagb__accordion_title\">WC<\/h5><\/div><\/div><\/div><div class=\"aagb__accordion_icon\"><div class=\"aagb__icon_dashicons_box\"><span class=\"aagb__icon dashicons dashicons-plus-alt2\"><\/span><\/div><\/div><\/div><div class=\"aagb__accordion_body   \" role=\"region\"><div class=\"aagb__accordion_component \">\n<p>A toilet for people with physical disabilities is located in the basement of the Memorial. It can also be reached via the elevator from the other floors. You can open the door with the Euro key for disabled toilets. You will receive such a key at the service counter in the entrance area.<\/p>\n<\/div><\/div><\/div>\n\n\n\n<div class=\"wp-block-aab-accordion-item aagb__accordion_container panel\" data-autoplay=\"false\" data-duration=\"3000\" data-progress-bar-direction=\"horizontal\" data-feature-image-url=\"\" data-auto-numbering=\"false\" data-progress-bar-on=\"false\"><div class=\"aagb__accordion_head aab_right_icon  \" data-active=\"false\"><div class=\"aagb__accordion_heading aab_right_icon aagb_right_link\"><div class=\"head_content_wrapper\"><div class=\"title_wrapper\"><h5 class=\"aagb__accordion_title\">Seating opportunities<\/h5><\/div><\/div><\/div><div class=\"aagb__accordion_icon\"><div class=\"aagb__icon_dashicons_box\"><span class=\"aagb__icon dashicons dashicons-plus-alt2\"><\/span><\/div><\/div><\/div><div class=\"aagb__accordion_body   \" role=\"region\"><div class=\"aagb__accordion_component \">\n<p>Since there are not many seating options in our exhibitions, we offer portable stools. If you cannot find any, please contact our staff at the service counter in the entrance area.<\/p>\n<\/div><\/div><\/div>\n<\/div>\n\n\n\n<div style=\"height:70px\" aria-hidden=\"true\" class=\"wp-block-spacer\"><\/div>\n\n\n\n<figure class=\"wp-block-image size-large\"><img decoding=\"async\" src=\"https:\/\/stiftung-ettersberg.de\/wp-content\/uploads\/2023\/08\/DSC6252-1024x680.jpg\" alt=\"ein Treppenlift an einer Au\u00dfentreppe\" class=\"wp-image-2115\" \/><figcaption class=\"wp-element-caption\">With the stairlift, visitors using wheelchairs can visit the prisonyard.<\/figcaption><\/figure>\n","protected":false},"excerpt":{"rendered":"<p>The Andreasstrasse Memorial and Educational Centre is a place of learning and encounter. A place where all people are welcome. Accessibility and inclusion are thus very important to us. Our goal: Everyone should be able to experience and discover the Memorial and our exhibitions in a self-determined way, as well as participate in all our [&hellip;]<\/p>\n","protected":false},"author":1,"featured_media":0,"parent":435,"menu_order":21,"comment_status":"closed","ping_status":"closed","template":"","meta":{"_acf_changed":false,"footnotes":"[]"},"class_list":["post-454","page","type-page","status-publish","hentry"],"acf":[],"yoast_head":"<!-- This site is optimized with the Yoast SEO plugin v26.7 - https:\/\/yoast.com\/wordpress\/plugins\/seo\/ -->\n<title>Accessible Visit - Stiftung Ettersberg<\/title>\n<meta name=\"robots\" content=\"index, follow, max-snippet:-1, max-image-preview:large, max-video-preview:-1\" \/>\n<link rel=\"canonical\" href=\"https:\/\/stiftung-ettersberg.de\/en\/gedenkstaette-andreasstrasse\/your-visit\/accesible-visit\/\" \/>\n<meta property=\"og:locale\" content=\"en_US\" \/>\n<meta property=\"og:type\" content=\"article\" \/>\n<meta property=\"og:title\" content=\"Accessible Visit - Stiftung Ettersberg\" \/>\n<meta property=\"og:description\" content=\"The Andreasstrasse Memorial and Educational Centre is a place of learning and encounter. A place where all people are welcome. Accessibility and inclusion are thus very important to us. Our goal: Everyone should be able to experience and discover the Memorial and our exhibitions in a self-determined way, as well as participate in all our [&hellip;]\" \/>\n<meta property=\"og:url\" content=\"https:\/\/stiftung-ettersberg.de\/en\/gedenkstaette-andreasstrasse\/your-visit\/accesible-visit\/\" \/>\n<meta property=\"og:site_name\" content=\"Stiftung Ettersberg\" \/>\n<meta property=\"article:modified_time\" content=\"2025-12-16T09:56:17+00:00\" \/>\n<meta property=\"og:image\" content=\"https:\/\/stiftung-ettersberg.de\/en\/wp-content\/uploads\/sites\/2\/2023\/10\/IMG_9451-scaled-e1700662297806.jpg\" \/>\n\t<meta property=\"og:image:width\" content=\"2483\" \/>\n\t<meta property=\"og:image:height\" content=\"1216\" \/>\n\t<meta property=\"og:image:type\" content=\"image\/jpeg\" \/>\n<meta name=\"twitter:card\" content=\"summary_large_image\" \/>\n<meta name=\"twitter:label1\" content=\"Est. reading time\" \/>\n\t<meta name=\"twitter:data1\" content=\"4 minutes\" \/>\n<script type=\"application\/ld+json\" class=\"yoast-schema-graph\">{\"@context\":\"https:\/\/schema.org\",\"@graph\":[{\"@type\":\"WebPage\",\"@id\":\"https:\/\/stiftung-ettersberg.de\/en\/gedenkstaette-andreasstrasse\/your-visit\/accesible-visit\/\",\"url\":\"https:\/\/stiftung-ettersberg.de\/en\/gedenkstaette-andreasstrasse\/your-visit\/accesible-visit\/\",\"name\":\"Accessible Visit - Stiftung Ettersberg\",\"isPartOf\":{\"@id\":\"https:\/\/stiftung-ettersberg.de\/en\/#website\"},\"primaryImageOfPage\":{\"@id\":\"https:\/\/stiftung-ettersberg.de\/en\/gedenkstaette-andreasstrasse\/your-visit\/accesible-visit\/#primaryimage\"},\"image\":{\"@id\":\"https:\/\/stiftung-ettersberg.de\/en\/gedenkstaette-andreasstrasse\/your-visit\/accesible-visit\/#primaryimage\"},\"thumbnailUrl\":\"https:\/\/stiftung-ettersberg.de\/en\/wp-content\/uploads\/sites\/2\/2023\/10\/IMG_9451-scaled-e1700662297806-1024x501.jpg\",\"datePublished\":\"2023-07-28T12:05:21+00:00\",\"dateModified\":\"2025-12-16T09:56:17+00:00\",\"breadcrumb\":{\"@id\":\"https:\/\/stiftung-ettersberg.de\/en\/gedenkstaette-andreasstrasse\/your-visit\/accesible-visit\/#breadcrumb\"},\"inLanguage\":\"en-US\",\"potentialAction\":[{\"@type\":\"ReadAction\",\"target\":[\"https:\/\/stiftung-ettersberg.de\/en\/gedenkstaette-andreasstrasse\/your-visit\/accesible-visit\/\"]}]},{\"@type\":\"ImageObject\",\"inLanguage\":\"en-US\",\"@id\":\"https:\/\/stiftung-ettersberg.de\/en\/gedenkstaette-andreasstrasse\/your-visit\/accesible-visit\/#primaryimage\",\"url\":\"https:\/\/stiftung-ettersberg.de\/en\/wp-content\/uploads\/sites\/2\/2023\/10\/IMG_9451-scaled-e1700662297806.jpg\",\"contentUrl\":\"https:\/\/stiftung-ettersberg.de\/en\/wp-content\/uploads\/sites\/2\/2023\/10\/IMG_9451-scaled-e1700662297806.jpg\",\"width\":2483,\"height\":1216,\"caption\":\"A table with a model of the building of the Memorial and Educational Centre. Drawings and texts on the table are also visible.\"},{\"@type\":\"BreadcrumbList\",\"@id\":\"https:\/\/stiftung-ettersberg.de\/en\/gedenkstaette-andreasstrasse\/your-visit\/accesible-visit\/#breadcrumb\",\"itemListElement\":[{\"@type\":\"ListItem\",\"position\":1,\"name\":\"Memorial and Education Centre\",\"item\":\"https:\/\/stiftung-ettersberg.de\/en\/gedenkstaette-andreasstrasse\/\"},{\"@type\":\"ListItem\",\"position\":2,\"name\":\"Your visit\",\"item\":\"https:\/\/stiftung-ettersberg.de\/en\/gedenkstaette-andreasstrasse\/your-visit\/\"},{\"@type\":\"ListItem\",\"position\":3,\"name\":\"Accessible Visit\"}]},{\"@type\":\"WebSite\",\"@id\":\"https:\/\/stiftung-ettersberg.de\/en\/#website\",\"url\":\"https:\/\/stiftung-ettersberg.de\/en\/\",\"name\":\"Stiftung Ettersberg\",\"description\":\"\",\"potentialAction\":[{\"@type\":\"SearchAction\",\"target\":{\"@type\":\"EntryPoint\",\"urlTemplate\":\"https:\/\/stiftung-ettersberg.de\/en\/?s={search_term_string}\"},\"query-input\":{\"@type\":\"PropertyValueSpecification\",\"valueRequired\":true,\"valueName\":\"search_term_string\"}}],\"inLanguage\":\"en-US\"}]}<\/script>\n<!-- \/ Yoast SEO plugin. -->","yoast_head_json":{"title":"Accessible Visit - Stiftung Ettersberg","robots":{"index":"index","follow":"follow","max-snippet":"max-snippet:-1","max-image-preview":"max-image-preview:large","max-video-preview":"max-video-preview:-1"},"canonical":"https:\/\/stiftung-ettersberg.de\/en\/gedenkstaette-andreasstrasse\/your-visit\/accesible-visit\/","og_locale":"en_US","og_type":"article","og_title":"Accessible Visit - Stiftung Ettersberg","og_description":"The Andreasstrasse Memorial and Educational Centre is a place of learning and encounter. A place where all people are welcome. Accessibility and inclusion are thus very important to us. Our goal: Everyone should be able to experience and discover the Memorial and our exhibitions in a self-determined way, as well as participate in all our [&hellip;]","og_url":"https:\/\/stiftung-ettersberg.de\/en\/gedenkstaette-andreasstrasse\/your-visit\/accesible-visit\/","og_site_name":"Stiftung Ettersberg","article_modified_time":"2025-12-16T09:56:17+00:00","og_image":[{"width":2483,"height":1216,"url":"https:\/\/stiftung-ettersberg.de\/en\/wp-content\/uploads\/sites\/2\/2023\/10\/IMG_9451-scaled-e1700662297806.jpg","type":"image\/jpeg"}],"twitter_card":"summary_large_image","twitter_misc":{"Est. reading time":"4 minutes"},"schema":{"@context":"https:\/\/schema.org","@graph":[{"@type":"WebPage","@id":"https:\/\/stiftung-ettersberg.de\/en\/gedenkstaette-andreasstrasse\/your-visit\/accesible-visit\/","url":"https:\/\/stiftung-ettersberg.de\/en\/gedenkstaette-andreasstrasse\/your-visit\/accesible-visit\/","name":"Accessible Visit - Stiftung Ettersberg","isPartOf":{"@id":"https:\/\/stiftung-ettersberg.de\/en\/#website"},"primaryImageOfPage":{"@id":"https:\/\/stiftung-ettersberg.de\/en\/gedenkstaette-andreasstrasse\/your-visit\/accesible-visit\/#primaryimage"},"image":{"@id":"https:\/\/stiftung-ettersberg.de\/en\/gedenkstaette-andreasstrasse\/your-visit\/accesible-visit\/#primaryimage"},"thumbnailUrl":"https:\/\/stiftung-ettersberg.de\/en\/wp-content\/uploads\/sites\/2\/2023\/10\/IMG_9451-scaled-e1700662297806-1024x501.jpg","datePublished":"2023-07-28T12:05:21+00:00","dateModified":"2025-12-16T09:56:17+00:00","breadcrumb":{"@id":"https:\/\/stiftung-ettersberg.de\/en\/gedenkstaette-andreasstrasse\/your-visit\/accesible-visit\/#breadcrumb"},"inLanguage":"en-US","potentialAction":[{"@type":"ReadAction","target":["https:\/\/stiftung-ettersberg.de\/en\/gedenkstaette-andreasstrasse\/your-visit\/accesible-visit\/"]}]},{"@type":"ImageObject","inLanguage":"en-US","@id":"https:\/\/stiftung-ettersberg.de\/en\/gedenkstaette-andreasstrasse\/your-visit\/accesible-visit\/#primaryimage","url":"https:\/\/stiftung-ettersberg.de\/en\/wp-content\/uploads\/sites\/2\/2023\/10\/IMG_9451-scaled-e1700662297806.jpg","contentUrl":"https:\/\/stiftung-ettersberg.de\/en\/wp-content\/uploads\/sites\/2\/2023\/10\/IMG_9451-scaled-e1700662297806.jpg","width":2483,"height":1216,"caption":"A table with a model of the building of the Memorial and Educational Centre. Drawings and texts on the table are also visible."},{"@type":"BreadcrumbList","@id":"https:\/\/stiftung-ettersberg.de\/en\/gedenkstaette-andreasstrasse\/your-visit\/accesible-visit\/#breadcrumb","itemListElement":[{"@type":"ListItem","position":1,"name":"Memorial and Education Centre","item":"https:\/\/stiftung-ettersberg.de\/en\/gedenkstaette-andreasstrasse\/"},{"@type":"ListItem","position":2,"name":"Your visit","item":"https:\/\/stiftung-ettersberg.de\/en\/gedenkstaette-andreasstrasse\/your-visit\/"},{"@type":"ListItem","position":3,"name":"Accessible Visit"}]},{"@type":"WebSite","@id":"https:\/\/stiftung-ettersberg.de\/en\/#website","url":"https:\/\/stiftung-ettersberg.de\/en\/","name":"Stiftung Ettersberg","description":"","potentialAction":[{"@type":"SearchAction","target":{"@type":"EntryPoint","urlTemplate":"https:\/\/stiftung-ettersberg.de\/en\/?s={search_term_string}"},"query-input":{"@type":"PropertyValueSpecification","valueRequired":true,"valueName":"search_term_string"}}],"inLanguage":"en-US"}]}},"_links":{"self":[{"href":"https:\/\/stiftung-ettersberg.de\/en\/wp-json\/wp\/v2\/pages\/454","targetHints":{"allow":["GET"]}}],"collection":[{"href":"https:\/\/stiftung-ettersberg.de\/en\/wp-json\/wp\/v2\/pages"}],"about":[{"href":"https:\/\/stiftung-ettersberg.de\/en\/wp-json\/wp\/v2\/types\/page"}],"author":[{"embeddable":true,"href":"https:\/\/stiftung-ettersberg.de\/en\/wp-json\/wp\/v2\/users\/1"}],"replies":[{"embeddable":true,"href":"https:\/\/stiftung-ettersberg.de\/en\/wp-json\/wp\/v2\/comments?post=454"}],"version-history":[{"count":3,"href":"https:\/\/stiftung-ettersberg.de\/en\/wp-json\/wp\/v2\/pages\/454\/revisions"}],"predecessor-version":[{"id":5671,"href":"https:\/\/stiftung-ettersberg.de\/en\/wp-json\/wp\/v2\/pages\/454\/revisions\/5671"}],"up":[{"embeddable":true,"href":"https:\/\/stiftung-ettersberg.de\/en\/wp-json\/wp\/v2\/pages\/435"}],"wp:attachment":[{"href":"https:\/\/stiftung-ettersberg.de\/en\/wp-json\/wp\/v2\/media?parent=454"}],"curies":[{"name":"wp","href":"https:\/\/api.w.org\/{rel}","templated":true}]}}