{"id":5481,"date":"2023-08-02T11:35:55","date_gmt":"2023-08-02T09:35:55","guid":{"rendered":"https:\/\/stiftung-ettersberg.de\/en\/gedenkstaette-andreasstrasse\/ihr-besuch\/fuer-gruppen\/fuehrung-andreasstrasse-taktil\/"},"modified":"2025-12-16T10:51:48","modified_gmt":"2025-12-16T09:51:48","slug":"tactile","status":"publish","type":"page","link":"https:\/\/stiftung-ettersberg.de\/en\/gedenkstaette-andreasstrasse\/your-visit\/for-groups\/tactile\/","title":{"rendered":"Guided tour \u203atactile Andreasstrasse\u2039"},"content":{"rendered":"\n<p>What did it smell like in a GDR prison that housed political prisoners? What does an old cell door feel like? And what does a soundproofed detention cell sound like?<br>Answers to these questions can be found in our tactile tour. It is aimed at people with visual impairments and blind people who would like to learn more about the history of the Stasi detention centre.<\/p>\n\n\n\n<p>We developed this tour together with members of the &#8220;Blinden- und Sehbehindertenverbands Th\u00fcringen e.V.&#8221; (Thuringian Association for the Blind and Visually Impaired) and the &#8220;Diesterwegschule Weimar \u2013 Staatliches \u00fcberregionales F\u00f6rderzentrum, F\u00f6rderschwerpunkt Sehen&#8221; (Diesterweg School Weimar \u2013 State Regional Support Centre, Focus on Vision). In addition to the tactile items, detailed object descriptions and audio recordings of eyewitness statements are also used during the tour.<\/p>\n\n\n\n<div style=\"height:20px\" aria-hidden=\"true\" class=\"wp-block-spacer\"><\/div>\n\n\n\n<figure class=\"wp-block-table\"><table><tbody><tr><td><strong>Duration<\/strong><br>90 minutes<\/td><\/tr><tr><td><strong>Free of charge<\/strong><\/td><\/tr><\/tbody><\/table><\/figure>\n\n\n\n<div style=\"height:20px\" aria-hidden=\"true\" class=\"wp-block-spacer\"><\/div>\n\n\n\n<p><strong>Please note:<\/strong> Admission is already included in the package for guided tours. Guided tours are available for groups of maximum 10 people. Depending on the format, we can organize larger groups by offering staggered start times. Please request the desired programming in advance via our registration form.<\/p>\n\n\n\n<div class=\"wp-block-buttons is-layout-flex wp-block-buttons-is-layout-flex\">\n<div class=\"wp-block-button\"><a class=\"wp-block-button__link has-black-color has-text-color has-background has-medium-font-size has-custom-font-size wp-element-button\" href=\"https:\/\/stiftung-ettersberg.de\/en\/gedenkstaette-andreasstrasse\/your-visit\/for-groups\/registration-for-groups\/\" style=\"border-radius:0px;background-color:#5ab2d6\">To register<\/a><\/div>\n<\/div>\n\n\n\n<div style=\"height:70px\" aria-hidden=\"true\" class=\"wp-block-spacer\"><\/div>\n\n\n\n<h3 class=\"wp-block-heading\"><strong>Interested in a guided tour \u203atactile Andreasstrasse\u2039 ?<\/strong><\/h3>\n\n\n\n<p><strong>Please contact:<\/strong><br>Laura Fiedler<br><a href=\"mailto:service@stiftung-ettersberg.de\">service@stiftung-ettersberg.de<\/a><br>T +49 (0)361 219212 &#8211; 10<br>M +49 (0)176 52691979<\/p>\n\n\n\n<div style=\"height:70px\" aria-hidden=\"true\" class=\"wp-block-spacer\"><\/div>\n\n\n\n<figure class=\"wp-block-image size-large\"><img decoding=\"async\" src=\"https:\/\/stiftung-ettersberg.de\/wp-content\/uploads\/2023\/10\/IMG_9451-1024x683.jpg\" alt=\"\" class=\"wp-image-3716\" \/><figcaption class=\"wp-element-caption\">The touch station is located in the entrance area of the Memorial. The model gives all visitors an impression of the building.<\/figcaption><\/figure>\n\n\n\n    <div class=\"content-blocks-wrapper\">\n                    <div class=\"content-wrapper wrapper-breakout zitat-wrapper rs-content-block-wrapper text-toggler-wrapper\" id=\"content-block-block_d6a803a9f61577fca1ef81c44dff7beb3\">\n            <div class=\"content-wrapper-item row\" data-bg-color=\"Blau\" data-text-toggled=\"text-toggled\">\n                <div class=\"col-12 col-lg-6 content-wrapper-item-image\">\n                    <img loading=\"lazy\" decoding=\"async\" width=\"1024\" height=\"706\" src=\"https:\/\/stiftung-ettersberg.de\/en\/wp-content\/uploads\/sites\/2\/2023\/08\/Herr-Graeser-und-Laura-Fiedler_Bild-2-scaled-e1691145057415-1024x706.jpg\" class=\"attachment-large size-large\" alt=\"ein \u00e4lterer Mann und eine junge Frau stehen nebeneinander, beide L\u00e4cheln in die Kamera\" srcset=\"https:\/\/stiftung-ettersberg.de\/en\/wp-content\/uploads\/sites\/2\/2023\/08\/Herr-Graeser-und-Laura-Fiedler_Bild-2-scaled-e1691145057415-1024x706.jpg 1024w, https:\/\/stiftung-ettersberg.de\/en\/wp-content\/uploads\/sites\/2\/2023\/08\/Herr-Graeser-und-Laura-Fiedler_Bild-2-scaled-e1691145057415-300x207.jpg 300w, https:\/\/stiftung-ettersberg.de\/en\/wp-content\/uploads\/sites\/2\/2023\/08\/Herr-Graeser-und-Laura-Fiedler_Bild-2-scaled-e1691145057415-768x530.jpg 768w, https:\/\/stiftung-ettersberg.de\/en\/wp-content\/uploads\/sites\/2\/2023\/08\/Herr-Graeser-und-Laura-Fiedler_Bild-2-scaled-e1691145057415-1536x1059.jpg 1536w, https:\/\/stiftung-ettersberg.de\/en\/wp-content\/uploads\/sites\/2\/2023\/08\/Herr-Graeser-und-Laura-Fiedler_Bild-2-scaled-e1691145057415-2048x1412.jpg 2048w\" sizes=\"auto, (max-width: 1024px) 100vw, 1024px\" \/>                <\/div>\n                <div class=\"col-12 col-lg content-wrapper-item-content\">\n                    <div class=\"content-wrapper-item-inner\">\n                                                <div class=\"content-wrapper-item-inner-text-wrapper\">\n                            <div class=\"content-wrapper-item-content-text hyphens\">\n                                <p>&#8220;Many places, including memorials, museums and exhibitions, remain hidden for blind or visually impaired people like me. Although there are special audio guides for us, most are impersonal, often far too fast and more of an agony than a joy. The Andreasstrasse is different: there is a personal guide who takes their time and you can ask all sorts of questions. I myself have already participated in the tactile tour on eight different occasions. During the GDR, I lived near Andreasstrasse. It was an eerie and oppressive place, that for me only slowly, but perhaps never, will lose its terror.&#8221;<\/p>\n                            <\/div>\n                            <div class=\"content-wrapper-item-content-quote d-none\">Bernd Gr\u00e4ser is a member of the Thuringian Association for the Blind and Visually Impaired. The association advised the Andreasstrasse Memorial and Educational centre in Erfurt on the development of its tactile tour for the blind and visually impaired. During the Peaceful Revolution in 1989, then 31-year-old Bernd Gr\u00e4ser was part of the occupation of the Stasi headquarters in Andreasstrasse in Erfurt. For two nights, he guarded Stasi files to save them from destruction. <\/div>\n                                                        <button type=\"button\" class=\"toggle-trigger toggle-trigger-more border-0 bg-transparent\" style=\"font-weight: bold;cursor: pointer;\"><span style=\"border-bottom: 2px solid #000;\"><svg xmlns=\"http:\/\/www.w3.org\/2000\/svg\" viewBox=\"0 0 19.14 13.99\"><g><path d=\"m12.45,0l6.7,6.7v.62l-6.7,6.67-1.9-1.9,3.84-3.84-1.68.07-12.71.02v-2.74h12.71l1.61.07-3.77-3.77,1.9-1.92Z\"\/><\/g><\/svg> show more<\/span><\/button>\n\t\t\t\t\t\t\t\n\t\t\t\t\t\t\t<button type=\"button\" class=\"toggle-trigger toggle-trigger-less mt-3 d-none border-0 bg-transparent\" style=\"font-weight: bold;cursor: pointer;\">\n                                <span style=\"border-bottom: 2px solid #000;\">\n                                <svg viewBox=\"0 0 19.14 13.99\"><g><path d=\"m12.45,0l6.7,6.7v.62l-6.7,6.67-1.9-1.9,3.84-3.84-1.68.07-12.71.02v-2.74h12.71l1.61.07-3.77-3.77,1.9-1.92Z\"\/><\/g><\/svg> show less                                <\/span>\n                            <\/button>\n                                                    <\/div>\n                    <\/div>\n                <\/div>\n                \n            <\/div>\n        <\/div>\n\n        <\/div>\n","protected":false},"excerpt":{"rendered":"<p>What did it smell like in a GDR prison that housed political prisoners? What does an old cell door feel like? And what does a soundproofed detention cell sound like?Answers to these questions can be found in our tactile tour. It is aimed at people with visual impairments and blind people who would like to [&hellip;]<\/p>\n","protected":false},"author":1,"featured_media":0,"parent":455,"menu_order":23,"comment_status":"closed","ping_status":"closed","template":"","meta":{"_acf_changed":false,"footnotes":""},"class_list":["post-5481","page","type-page","status-publish","hentry"],"acf":[],"yoast_head":"<!-- This site is optimized with the Yoast SEO plugin v26.7 - https:\/\/yoast.com\/wordpress\/plugins\/seo\/ -->\n<title>Guided tour \u203atactile Andreasstrasse\u2039 - Stiftung Ettersberg<\/title>\n<meta name=\"robots\" content=\"index, follow, max-snippet:-1, max-image-preview:large, max-video-preview:-1\" \/>\n<link rel=\"canonical\" href=\"https:\/\/stiftung-ettersberg.de\/en\/gedenkstaette-andreasstrasse\/your-visit\/for-groups\/tactile\/\" \/>\n<meta property=\"og:locale\" content=\"en_US\" \/>\n<meta property=\"og:type\" content=\"article\" \/>\n<meta property=\"og:title\" content=\"Guided tour \u203atactile Andreasstrasse\u2039 - Stiftung Ettersberg\" \/>\n<meta property=\"og:description\" content=\"What did it smell like in a GDR prison that housed political prisoners? What does an old cell door feel like? And what does a soundproofed detention cell sound like?Answers to these questions can be found in our tactile tour. It is aimed at people with visual impairments and blind people who would like to [&hellip;]\" \/>\n<meta property=\"og:url\" content=\"https:\/\/stiftung-ettersberg.de\/en\/gedenkstaette-andreasstrasse\/your-visit\/for-groups\/tactile\/\" \/>\n<meta property=\"og:site_name\" content=\"Stiftung Ettersberg\" \/>\n<meta property=\"article:modified_time\" content=\"2025-12-16T09:51:48+00:00\" \/>\n<meta property=\"og:image\" content=\"https:\/\/stiftung-ettersberg.de\/en\/wp-content\/uploads\/sites\/2\/2023\/10\/IMG_9451-scaled-e1700662297806.jpg\" \/>\n\t<meta property=\"og:image:width\" content=\"2483\" \/>\n\t<meta property=\"og:image:height\" content=\"1216\" \/>\n\t<meta property=\"og:image:type\" content=\"image\/jpeg\" \/>\n<meta name=\"twitter:card\" content=\"summary_large_image\" \/>\n<meta name=\"twitter:label1\" content=\"Est. reading time\" \/>\n\t<meta name=\"twitter:data1\" content=\"2 minutes\" \/>\n<script type=\"application\/ld+json\" class=\"yoast-schema-graph\">{\"@context\":\"https:\/\/schema.org\",\"@graph\":[{\"@type\":\"WebPage\",\"@id\":\"https:\/\/stiftung-ettersberg.de\/en\/gedenkstaette-andreasstrasse\/your-visit\/for-groups\/tactile\/\",\"url\":\"https:\/\/stiftung-ettersberg.de\/en\/gedenkstaette-andreasstrasse\/your-visit\/for-groups\/tactile\/\",\"name\":\"Guided tour \u203atactile Andreasstrasse\u2039 - Stiftung Ettersberg\",\"isPartOf\":{\"@id\":\"https:\/\/stiftung-ettersberg.de\/en\/#website\"},\"primaryImageOfPage\":{\"@id\":\"https:\/\/stiftung-ettersberg.de\/en\/gedenkstaette-andreasstrasse\/your-visit\/for-groups\/tactile\/#primaryimage\"},\"image\":{\"@id\":\"https:\/\/stiftung-ettersberg.de\/en\/gedenkstaette-andreasstrasse\/your-visit\/for-groups\/tactile\/#primaryimage\"},\"thumbnailUrl\":\"https:\/\/stiftung-ettersberg.de\/wp-content\/uploads\/2023\/10\/IMG_9451-1024x683.jpg\",\"datePublished\":\"2023-08-02T09:35:55+00:00\",\"dateModified\":\"2025-12-16T09:51:48+00:00\",\"breadcrumb\":{\"@id\":\"https:\/\/stiftung-ettersberg.de\/en\/gedenkstaette-andreasstrasse\/your-visit\/for-groups\/tactile\/#breadcrumb\"},\"inLanguage\":\"en-US\",\"potentialAction\":[{\"@type\":\"ReadAction\",\"target\":[\"https:\/\/stiftung-ettersberg.de\/en\/gedenkstaette-andreasstrasse\/your-visit\/for-groups\/tactile\/\"]}]},{\"@type\":\"ImageObject\",\"inLanguage\":\"en-US\",\"@id\":\"https:\/\/stiftung-ettersberg.de\/en\/gedenkstaette-andreasstrasse\/your-visit\/for-groups\/tactile\/#primaryimage\",\"url\":\"https:\/\/stiftung-ettersberg.de\/wp-content\/uploads\/2023\/10\/IMG_9451-1024x683.jpg\",\"contentUrl\":\"https:\/\/stiftung-ettersberg.de\/wp-content\/uploads\/2023\/10\/IMG_9451-1024x683.jpg\"},{\"@type\":\"BreadcrumbList\",\"@id\":\"https:\/\/stiftung-ettersberg.de\/en\/gedenkstaette-andreasstrasse\/your-visit\/for-groups\/tactile\/#breadcrumb\",\"itemListElement\":[{\"@type\":\"ListItem\",\"position\":1,\"name\":\"Memorial and Education Centre\",\"item\":\"https:\/\/stiftung-ettersberg.de\/en\/gedenkstaette-andreasstrasse\/\"},{\"@type\":\"ListItem\",\"position\":2,\"name\":\"Your visit\",\"item\":\"https:\/\/stiftung-ettersberg.de\/en\/gedenkstaette-andreasstrasse\/your-visit\/\"},{\"@type\":\"ListItem\",\"position\":3,\"name\":\"For groups\",\"item\":\"https:\/\/stiftung-ettersberg.de\/en\/gedenkstaette-andreasstrasse\/your-visit\/for-groups\/\"},{\"@type\":\"ListItem\",\"position\":4,\"name\":\"Guided tour \u203atactile Andreasstrasse\u2039\"}]},{\"@type\":\"WebSite\",\"@id\":\"https:\/\/stiftung-ettersberg.de\/en\/#website\",\"url\":\"https:\/\/stiftung-ettersberg.de\/en\/\",\"name\":\"Stiftung Ettersberg\",\"description\":\"\",\"potentialAction\":[{\"@type\":\"SearchAction\",\"target\":{\"@type\":\"EntryPoint\",\"urlTemplate\":\"https:\/\/stiftung-ettersberg.de\/en\/?s={search_term_string}\"},\"query-input\":{\"@type\":\"PropertyValueSpecification\",\"valueRequired\":true,\"valueName\":\"search_term_string\"}}],\"inLanguage\":\"en-US\"}]}<\/script>\n<!-- \/ Yoast SEO plugin. -->","yoast_head_json":{"title":"Guided tour \u203atactile Andreasstrasse\u2039 - Stiftung Ettersberg","robots":{"index":"index","follow":"follow","max-snippet":"max-snippet:-1","max-image-preview":"max-image-preview:large","max-video-preview":"max-video-preview:-1"},"canonical":"https:\/\/stiftung-ettersberg.de\/en\/gedenkstaette-andreasstrasse\/your-visit\/for-groups\/tactile\/","og_locale":"en_US","og_type":"article","og_title":"Guided tour \u203atactile Andreasstrasse\u2039 - Stiftung Ettersberg","og_description":"What did it smell like in a GDR prison that housed political prisoners? What does an old cell door feel like? And what does a soundproofed detention cell sound like?Answers to these questions can be found in our tactile tour. It is aimed at people with visual impairments and blind people who would like to [&hellip;]","og_url":"https:\/\/stiftung-ettersberg.de\/en\/gedenkstaette-andreasstrasse\/your-visit\/for-groups\/tactile\/","og_site_name":"Stiftung Ettersberg","article_modified_time":"2025-12-16T09:51:48+00:00","og_image":[{"width":2483,"height":1216,"url":"https:\/\/stiftung-ettersberg.de\/en\/wp-content\/uploads\/sites\/2\/2023\/10\/IMG_9451-scaled-e1700662297806.jpg","type":"image\/jpeg"}],"twitter_card":"summary_large_image","twitter_misc":{"Est. reading time":"2 minutes"},"schema":{"@context":"https:\/\/schema.org","@graph":[{"@type":"WebPage","@id":"https:\/\/stiftung-ettersberg.de\/en\/gedenkstaette-andreasstrasse\/your-visit\/for-groups\/tactile\/","url":"https:\/\/stiftung-ettersberg.de\/en\/gedenkstaette-andreasstrasse\/your-visit\/for-groups\/tactile\/","name":"Guided tour \u203atactile Andreasstrasse\u2039 - Stiftung Ettersberg","isPartOf":{"@id":"https:\/\/stiftung-ettersberg.de\/en\/#website"},"primaryImageOfPage":{"@id":"https:\/\/stiftung-ettersberg.de\/en\/gedenkstaette-andreasstrasse\/your-visit\/for-groups\/tactile\/#primaryimage"},"image":{"@id":"https:\/\/stiftung-ettersberg.de\/en\/gedenkstaette-andreasstrasse\/your-visit\/for-groups\/tactile\/#primaryimage"},"thumbnailUrl":"https:\/\/stiftung-ettersberg.de\/wp-content\/uploads\/2023\/10\/IMG_9451-1024x683.jpg","datePublished":"2023-08-02T09:35:55+00:00","dateModified":"2025-12-16T09:51:48+00:00","breadcrumb":{"@id":"https:\/\/stiftung-ettersberg.de\/en\/gedenkstaette-andreasstrasse\/your-visit\/for-groups\/tactile\/#breadcrumb"},"inLanguage":"en-US","potentialAction":[{"@type":"ReadAction","target":["https:\/\/stiftung-ettersberg.de\/en\/gedenkstaette-andreasstrasse\/your-visit\/for-groups\/tactile\/"]}]},{"@type":"ImageObject","inLanguage":"en-US","@id":"https:\/\/stiftung-ettersberg.de\/en\/gedenkstaette-andreasstrasse\/your-visit\/for-groups\/tactile\/#primaryimage","url":"https:\/\/stiftung-ettersberg.de\/wp-content\/uploads\/2023\/10\/IMG_9451-1024x683.jpg","contentUrl":"https:\/\/stiftung-ettersberg.de\/wp-content\/uploads\/2023\/10\/IMG_9451-1024x683.jpg"},{"@type":"BreadcrumbList","@id":"https:\/\/stiftung-ettersberg.de\/en\/gedenkstaette-andreasstrasse\/your-visit\/for-groups\/tactile\/#breadcrumb","itemListElement":[{"@type":"ListItem","position":1,"name":"Memorial and Education Centre","item":"https:\/\/stiftung-ettersberg.de\/en\/gedenkstaette-andreasstrasse\/"},{"@type":"ListItem","position":2,"name":"Your visit","item":"https:\/\/stiftung-ettersberg.de\/en\/gedenkstaette-andreasstrasse\/your-visit\/"},{"@type":"ListItem","position":3,"name":"For groups","item":"https:\/\/stiftung-ettersberg.de\/en\/gedenkstaette-andreasstrasse\/your-visit\/for-groups\/"},{"@type":"ListItem","position":4,"name":"Guided tour \u203atactile Andreasstrasse\u2039"}]},{"@type":"WebSite","@id":"https:\/\/stiftung-ettersberg.de\/en\/#website","url":"https:\/\/stiftung-ettersberg.de\/en\/","name":"Stiftung Ettersberg","description":"","potentialAction":[{"@type":"SearchAction","target":{"@type":"EntryPoint","urlTemplate":"https:\/\/stiftung-ettersberg.de\/en\/?s={search_term_string}"},"query-input":{"@type":"PropertyValueSpecification","valueRequired":true,"valueName":"search_term_string"}}],"inLanguage":"en-US"}]}},"_links":{"self":[{"href":"https:\/\/stiftung-ettersberg.de\/en\/wp-json\/wp\/v2\/pages\/5481","targetHints":{"allow":["GET"]}}],"collection":[{"href":"https:\/\/stiftung-ettersberg.de\/en\/wp-json\/wp\/v2\/pages"}],"about":[{"href":"https:\/\/stiftung-ettersberg.de\/en\/wp-json\/wp\/v2\/types\/page"}],"author":[{"embeddable":true,"href":"https:\/\/stiftung-ettersberg.de\/en\/wp-json\/wp\/v2\/users\/1"}],"replies":[{"embeddable":true,"href":"https:\/\/stiftung-ettersberg.de\/en\/wp-json\/wp\/v2\/comments?post=5481"}],"version-history":[{"count":3,"href":"https:\/\/stiftung-ettersberg.de\/en\/wp-json\/wp\/v2\/pages\/5481\/revisions"}],"predecessor-version":[{"id":5669,"href":"https:\/\/stiftung-ettersberg.de\/en\/wp-json\/wp\/v2\/pages\/5481\/revisions\/5669"}],"up":[{"embeddable":true,"href":"https:\/\/stiftung-ettersberg.de\/en\/wp-json\/wp\/v2\/pages\/455"}],"wp:attachment":[{"href":"https:\/\/stiftung-ettersberg.de\/en\/wp-json\/wp\/v2\/media?parent=5481"}],"curies":[{"name":"wp","href":"https:\/\/api.w.org\/{rel}","templated":true}]}}